{"id":294,"date":"2020-02-23T10:10:23","date_gmt":"2020-02-23T10:10:23","guid":{"rendered":"https:\/\/pulsnitzer-heimatverein.de\/?page_id=294"},"modified":"2026-04-11T13:12:21","modified_gmt":"2026-04-11T13:12:21","slug":"stadtgeschichte-chronologisch-sortiert","status":"publish","type":"page","link":"https:\/\/pulsnitzer-heimatverein.de\/?page_id=294","title":{"rendered":"Stadtgeschichte (chronologisch sortiert)"},"content":{"rendered":"\n<p><strong>1225<\/strong><\/p>\n\n\n\n<p><em>19. Mai<\/em><\/p>\n\n\n\n<p><strong>erste\ngesicherte urkundliche Erw\u00e4hnung<\/strong> von Pulsnitz<\/p>\n\n\n\n<p>*<\/p>\n\n\n\n<p><strong>12. \/ 13.\nJahrhundert<\/strong><\/p>\n\n\n\n<p><strong>erste Kirche\nvor dem Obertor<\/strong> errichtet \u2013\nMarienkirche, Kirche zu unserer lieben Frauen, ab Anfang 16. Jahrhundert nicht\nmehr benutzt und verfallen, vermutliche Kirchhofmauer noch am Durchgang\nFabrikstr. 4 zu Ziegenbalgstr. 3 zu finden<\/p>\n\n\n\n<figure class=\"wp-block-image aligncenter size-large is-resized\"><img loading=\"lazy\" decoding=\"async\" width=\"1024\" height=\"768\" src=\"https:\/\/pulsnitzer-heimatverein.de\/wp-content\/uploads\/2020\/02\/Marienkirche-20190718-164544-1024x768.jpg\" alt=\"\" class=\"wp-image-385\" style=\"width:512px;height:384px\" srcset=\"https:\/\/pulsnitzer-heimatverein.de\/wp-content\/uploads\/2020\/02\/Marienkirche-20190718-164544-1024x768.jpg 1024w, https:\/\/pulsnitzer-heimatverein.de\/wp-content\/uploads\/2020\/02\/Marienkirche-20190718-164544-300x225.jpg 300w, https:\/\/pulsnitzer-heimatverein.de\/wp-content\/uploads\/2020\/02\/Marienkirche-20190718-164544-768x576.jpg 768w, https:\/\/pulsnitzer-heimatverein.de\/wp-content\/uploads\/2020\/02\/Marienkirche-20190718-164544-1536x1152.jpg 1536w, https:\/\/pulsnitzer-heimatverein.de\/wp-content\/uploads\/2020\/02\/Marienkirche-20190718-164544-2048x1536.jpg 2048w\" sizes=\"auto, (max-width: 1024px) 100vw, 1024px\" \/><figcaption class=\"wp-element-caption\">Vermutliche Kirchhofmauer der ehemaligen Marienkirche<br> Foto: Dr. Matthias M\u00e4gel<\/figcaption><\/figure>\n\n\n\n<p>*<\/p>\n\n\n\n<p><strong>1355<\/strong><\/p>\n\n\n\n<p><em>28.\nSeptember<\/em><\/p>\n\n\n\n<p>Kaiser Karl\nIV. erteilt Pulsnitz das <strong>Marktrecht<\/strong><\/p>\n\n\n\n<p>*<\/p>\n\n\n\n<p><strong>1375<\/strong><\/p>\n\n\n\n<p><em>21. Mai<\/em><\/p>\n\n\n\n<p>Kaiser Karl\nIV. verleiht Pulsnitz das <strong>Stadtrecht<\/strong><\/p>\n\n\n\n<figure class=\"wp-block-image aligncenter size-large is-resized\"><img loading=\"lazy\" decoding=\"async\" width=\"1024\" height=\"768\" src=\"https:\/\/pulsnitzer-heimatverein.de\/wp-content\/uploads\/2022\/04\/Goethestr._20220317-181602-1024x768.jpg\" alt=\"\" class=\"wp-image-1787\" style=\"width:512px;height:384px\" srcset=\"https:\/\/pulsnitzer-heimatverein.de\/wp-content\/uploads\/2022\/04\/Goethestr._20220317-181602-1024x768.jpg 1024w, https:\/\/pulsnitzer-heimatverein.de\/wp-content\/uploads\/2022\/04\/Goethestr._20220317-181602-300x225.jpg 300w, https:\/\/pulsnitzer-heimatverein.de\/wp-content\/uploads\/2022\/04\/Goethestr._20220317-181602-768x576.jpg 768w, https:\/\/pulsnitzer-heimatverein.de\/wp-content\/uploads\/2022\/04\/Goethestr._20220317-181602-1536x1152.jpg 1536w, https:\/\/pulsnitzer-heimatverein.de\/wp-content\/uploads\/2022\/04\/Goethestr._20220317-181602-2048x1536.jpg 2048w\" sizes=\"auto, (max-width: 1024px) 100vw, 1024px\" \/><figcaption class=\"wp-element-caption\">Reste der Stadtmauer in der Goethestra\u00dfe (gegen\u00fcber Nr. 12)<br>Foto: Dr. Matthias M\u00e4gel, 2022<\/figcaption><\/figure>\n\n\n\n<p>*<\/p>\n\n\n\n<p><strong>1473<\/strong> <\/p>\n\n\n\n<p>erstmalige Erw\u00e4hnung einer weiteren Kirche, der <strong>Stadtkirche St. Nicolai<\/strong>, die nach Brandschatzung im Drei\u00dfigj\u00e4hrigen Krieg und einem weiteren Brand im Jahr 1742 bis 1745 neu aufgebaut wurde <\/p>\n\n\n\n<div class=\"wp-block-columns is-layout-flex wp-container-core-columns-is-layout-28f84493 wp-block-columns-is-layout-flex\">\n<div class=\"wp-block-column is-layout-flow wp-block-column-is-layout-flow\">\n<figure class=\"wp-block-image aligncenter size-large is-resized\"><img loading=\"lazy\" decoding=\"async\" width=\"768\" height=\"1024\" src=\"https:\/\/pulsnitzer-heimatverein.de\/wp-content\/uploads\/2020\/02\/Nikolaikirche-v.-Rietschelstr-20190718-170543-768x1024.jpg\" alt=\"\" class=\"wp-image-392\" style=\"width:384px;height:512px\" srcset=\"https:\/\/pulsnitzer-heimatverein.de\/wp-content\/uploads\/2020\/02\/Nikolaikirche-v.-Rietschelstr-20190718-170543-768x1024.jpg 768w, https:\/\/pulsnitzer-heimatverein.de\/wp-content\/uploads\/2020\/02\/Nikolaikirche-v.-Rietschelstr-20190718-170543-225x300.jpg 225w, https:\/\/pulsnitzer-heimatverein.de\/wp-content\/uploads\/2020\/02\/Nikolaikirche-v.-Rietschelstr-20190718-170543-1152x1536.jpg 1152w, https:\/\/pulsnitzer-heimatverein.de\/wp-content\/uploads\/2020\/02\/Nikolaikirche-v.-Rietschelstr-20190718-170543-1536x2048.jpg 1536w, https:\/\/pulsnitzer-heimatverein.de\/wp-content\/uploads\/2020\/02\/Nikolaikirche-v.-Rietschelstr-20190718-170543-scaled.jpg 1920w\" sizes=\"auto, (max-width: 768px) 100vw, 768px\" \/><figcaption class=\"wp-element-caption\">Nikolaikirche, Blick von der Rietschelstr.<br> Foto: Dr. Matthias M\u00e4gel<\/figcaption><\/figure>\n<\/div>\n\n\n\n<div class=\"wp-block-column is-layout-flow wp-block-column-is-layout-flow\">\n<figure class=\"wp-block-image aligncenter size-large is-resized\"><img loading=\"lazy\" decoding=\"async\" width=\"768\" height=\"1024\" src=\"https:\/\/pulsnitzer-heimatverein.de\/wp-content\/uploads\/2020\/02\/Nikolaikirche-v.-Goethestr.-20190718-171815-768x1024.jpg\" alt=\"\" class=\"wp-image-391\" style=\"width:384px;height:512px\" srcset=\"https:\/\/pulsnitzer-heimatverein.de\/wp-content\/uploads\/2020\/02\/Nikolaikirche-v.-Goethestr.-20190718-171815-768x1024.jpg 768w, https:\/\/pulsnitzer-heimatverein.de\/wp-content\/uploads\/2020\/02\/Nikolaikirche-v.-Goethestr.-20190718-171815-225x300.jpg 225w, https:\/\/pulsnitzer-heimatverein.de\/wp-content\/uploads\/2020\/02\/Nikolaikirche-v.-Goethestr.-20190718-171815-1152x1536.jpg 1152w, https:\/\/pulsnitzer-heimatverein.de\/wp-content\/uploads\/2020\/02\/Nikolaikirche-v.-Goethestr.-20190718-171815-1536x2048.jpg 1536w, https:\/\/pulsnitzer-heimatverein.de\/wp-content\/uploads\/2020\/02\/Nikolaikirche-v.-Goethestr.-20190718-171815-scaled.jpg 1920w\" sizes=\"auto, (max-width: 768px) 100vw, 768px\" \/><figcaption class=\"wp-element-caption\"> Nikolaikirche, Blick von der Goethestr.<br> Foto: Dr. Matthias M\u00e4gel <\/figcaption><\/figure>\n<\/div>\n<\/div>\n\n\n\n<p>*<\/p>\n\n\n\n<p><strong>vor 1600<\/strong><\/p>\n\n\n\n<p>Eustachius II. von Schlieben l\u00e4sst das <strong>Alte Schloss<\/strong> (auch als Eustachius-Haus bezeichnet) im Renaissance-Stil erbauen (Kellergew\u00f6lbe im Stil der Romanik stammen aus der Zeit um 1200). (Nach 1712 wird das Alte Schloss durch Georg von Maxen zum Zweck des Baues des Neuen Schlosses zur\u00fcckgebaut.)<\/p>\n\n\n\n<p>Heute ist\ndas Alte Schloss Teil der VAMED Klinik Schloss Pulsnitz, Wittgensteiner Str. 1<\/p>\n\n\n\n<div class=\"wp-block-columns is-layout-flex wp-container-core-columns-is-layout-28f84493 wp-block-columns-is-layout-flex\">\n<div class=\"wp-block-column is-layout-flow wp-block-column-is-layout-flow\">\n<figure class=\"wp-block-image aligncenter size-large is-resized\"><img loading=\"lazy\" decoding=\"async\" width=\"1024\" height=\"698\" src=\"https:\/\/pulsnitzer-heimatverein.de\/wp-content\/uploads\/2021\/05\/df_bs_0002415_postkarte-1024x698.jpg\" alt=\"\" class=\"wp-image-1245\" style=\"width:512px;height:349px\" srcset=\"https:\/\/pulsnitzer-heimatverein.de\/wp-content\/uploads\/2021\/05\/df_bs_0002415_postkarte-1024x698.jpg 1024w, https:\/\/pulsnitzer-heimatverein.de\/wp-content\/uploads\/2021\/05\/df_bs_0002415_postkarte-300x205.jpg 300w, https:\/\/pulsnitzer-heimatverein.de\/wp-content\/uploads\/2021\/05\/df_bs_0002415_postkarte-768x524.jpg 768w, https:\/\/pulsnitzer-heimatverein.de\/wp-content\/uploads\/2021\/05\/df_bs_0002415_postkarte.jpg 1466w\" sizes=\"auto, (max-width: 1024px) 100vw, 1024px\" \/><figcaption class=\"wp-element-caption\">Altes Schloss 1902<br>Quelle: SLUB \/ Deutsche Fotothek \/ Br\u00fcck und Sohn <a href=\"http:\/\/www.deutschefotothek.de\/documents\/obj\/71824188\">http:\/\/www.deutschefotothek.de\/documents\/obj\/71824188<\/a> (Public Domain Mark)<\/figcaption><\/figure>\n\n\n\n<p><\/p>\n<\/div>\n<\/div>\n\n\n\n<p>*<\/p>\n\n\n\n<p><strong>1718<\/strong><\/p>\n\n\n\n<p>Das <strong>Neue Schloss<\/strong> im Barockstil wird fertiggestellt.<\/p>\n\n\n\n<p>Heute ist\ndas Neue Schloss Teil der VAMED Klinik Schloss Pulsnitz, Wittgensteiner Str. 1<\/p>\n\n\n\n<div class=\"wp-block-columns is-layout-flex wp-container-core-columns-is-layout-28f84493 wp-block-columns-is-layout-flex\">\n<div class=\"wp-block-column is-layout-flow wp-block-column-is-layout-flow\" style=\"flex-basis:50%\">\n<div class=\"wp-block-columns is-layout-flex wp-container-core-columns-is-layout-28f84493 wp-block-columns-is-layout-flex\">\n<div class=\"wp-block-column is-layout-flow wp-block-column-is-layout-flow\" style=\"flex-basis:100%\">\n<figure class=\"wp-block-image aligncenter size-large is-resized\"><img loading=\"lazy\" decoding=\"async\" width=\"1024\" height=\"671\" src=\"https:\/\/pulsnitzer-heimatverein.de\/wp-content\/uploads\/2021\/05\/df_bs_0002420_postkarte-1024x671.jpg\" alt=\"\" class=\"wp-image-1246\" style=\"width:512px;height:336px\" srcset=\"https:\/\/pulsnitzer-heimatverein.de\/wp-content\/uploads\/2021\/05\/df_bs_0002420_postkarte-1024x671.jpg 1024w, https:\/\/pulsnitzer-heimatverein.de\/wp-content\/uploads\/2021\/05\/df_bs_0002420_postkarte-300x197.jpg 300w, https:\/\/pulsnitzer-heimatverein.de\/wp-content\/uploads\/2021\/05\/df_bs_0002420_postkarte-768x503.jpg 768w, https:\/\/pulsnitzer-heimatverein.de\/wp-content\/uploads\/2021\/05\/df_bs_0002420_postkarte.jpg 1526w\" sizes=\"auto, (max-width: 1024px) 100vw, 1024px\" \/><figcaption class=\"wp-element-caption\">Neues Schloss 1902<br>Quelle: SLUB \/ Deutsche Fotothek \/ Br\u00fcck und Sohn <a href=\"http:\/\/www.deutschefotothek.de\/documents\/obj\/71824193 \">http:\/\/www.deutschefotothek.de\/documents\/obj\/71824193 <\/a>(Public Domain Mark)<\/figcaption><\/figure>\n<\/div>\n<\/div>\n<\/div>\n\n\n\n<div class=\"wp-block-column is-layout-flow wp-block-column-is-layout-flow\" style=\"flex-basis:50%\">\n<figure class=\"wp-block-image size-large is-resized\"><img loading=\"lazy\" decoding=\"async\" width=\"1024\" height=\"693\" src=\"https:\/\/pulsnitzer-heimatverein.de\/wp-content\/uploads\/2021\/05\/df_bs_0011033_postkarte-1024x693.jpg\" alt=\"\" class=\"wp-image-1244\" style=\"width:512px;height:347px\" srcset=\"https:\/\/pulsnitzer-heimatverein.de\/wp-content\/uploads\/2021\/05\/df_bs_0011033_postkarte-1024x693.jpg 1024w, https:\/\/pulsnitzer-heimatverein.de\/wp-content\/uploads\/2021\/05\/df_bs_0011033_postkarte-300x203.jpg 300w, https:\/\/pulsnitzer-heimatverein.de\/wp-content\/uploads\/2021\/05\/df_bs_0011033_postkarte-768x520.jpg 768w, https:\/\/pulsnitzer-heimatverein.de\/wp-content\/uploads\/2021\/05\/df_bs_0011033_postkarte.jpg 1477w\" sizes=\"auto, (max-width: 1024px) 100vw, 1024px\" \/><figcaption class=\"wp-element-caption\">Neues Schloss 1910<br>Quelle: SLUB \/ Deutsche Fotothek \/ Br\u00fcck und Sohn <a href=\"http:\/\/www.deutschefotothek.de\/documents\/obj\/71832792\">http:\/\/www.deutschefotothek.de\/documents\/obj\/71832792<\/a>  (Public Domain Mark)<\/figcaption><\/figure>\n<\/div>\n<\/div>\n\n\n\n<p>*<\/p>\n\n\n\n<p><strong>1731<\/strong><\/p>\n\n\n\n<p>Errichtung einer <a href=\"https:\/\/www.kursaechsische-postmeilensaeulen.de\/kur_datenblaetter\/185Pulsnitz.pdf\"><strong>Distanzs\u00e4ule<\/strong> <\/a>vor dem Obertor<\/p>\n\n\n\n<p>Nach der Zerst\u00f6rung der S\u00e4ule durch einen Verkehrsunfall im Jahr 2013 erfolgte deren Wiederaufbau unter Beteiligung von Mitgliedern des Pulsnitzer Heimatvereins e. V.<\/p>\n\n\n\n<figure class=\"wp-block-image aligncenter size-large is-resized\"><img loading=\"lazy\" decoding=\"async\" width=\"768\" height=\"1024\" src=\"https:\/\/pulsnitzer-heimatverein.de\/wp-content\/uploads\/2020\/02\/Posts\u00e4ule-20161019-121643-768x1024.jpg\" alt=\"\" class=\"wp-image-234\" style=\"width:384px;height:512px\" srcset=\"https:\/\/pulsnitzer-heimatverein.de\/wp-content\/uploads\/2020\/02\/Posts\u00e4ule-20161019-121643-768x1024.jpg 768w, https:\/\/pulsnitzer-heimatverein.de\/wp-content\/uploads\/2020\/02\/Posts\u00e4ule-20161019-121643-225x300.jpg 225w, https:\/\/pulsnitzer-heimatverein.de\/wp-content\/uploads\/2020\/02\/Posts\u00e4ule-20161019-121643-1152x1536.jpg 1152w, https:\/\/pulsnitzer-heimatverein.de\/wp-content\/uploads\/2020\/02\/Posts\u00e4ule-20161019-121643-1536x2048.jpg 1536w, https:\/\/pulsnitzer-heimatverein.de\/wp-content\/uploads\/2020\/02\/Posts\u00e4ule-20161019-121643-scaled.jpg 1920w\" sizes=\"auto, (max-width: 768px) 100vw, 768px\" \/><figcaption class=\"wp-element-caption\">Distanzs\u00e4ule vor dem Sch\u00fctzenhaus<br> Foto: Dr. Matthias M\u00e4gel<\/figcaption><\/figure>\n\n\n\n<p>*<\/p>\n\n\n\n<p><strong>1813<\/strong><\/p>\n\n\n\n<p>Errichtung einer Grabstelle f\u00fcr einen in Pulsnitz gefallenen Infanteristen in der N\u00e4he des Trebeteiches (Nordseite der jetzigen Kleingartenanlage \u201eAm <strong>Russengrab<\/strong>\u201c)<\/p>\n\n\n\n<figure class=\"wp-block-image aligncenter size-large is-resized\"><img loading=\"lazy\" decoding=\"async\" width=\"768\" height=\"1024\" src=\"https:\/\/pulsnitzer-heimatverein.de\/wp-content\/uploads\/2020\/09\/Russengrab-20200820-165920-768x1024.jpg\" alt=\"\" class=\"wp-image-848\" style=\"width:384px;height:512px\" srcset=\"https:\/\/pulsnitzer-heimatverein.de\/wp-content\/uploads\/2020\/09\/Russengrab-20200820-165920-768x1024.jpg 768w, https:\/\/pulsnitzer-heimatverein.de\/wp-content\/uploads\/2020\/09\/Russengrab-20200820-165920-225x300.jpg 225w, https:\/\/pulsnitzer-heimatverein.de\/wp-content\/uploads\/2020\/09\/Russengrab-20200820-165920-1152x1536.jpg 1152w, https:\/\/pulsnitzer-heimatverein.de\/wp-content\/uploads\/2020\/09\/Russengrab-20200820-165920-1536x2048.jpg 1536w, https:\/\/pulsnitzer-heimatverein.de\/wp-content\/uploads\/2020\/09\/Russengrab-20200820-165920-scaled.jpg 1920w\" sizes=\"auto, (max-width: 768px) 100vw, 768px\" \/><figcaption class=\"wp-element-caption\">&#8222;Russengrab&#8220;<br>Foto: Dr. Matthias M\u00e4gel<\/figcaption><\/figure>\n\n\n\n<figure class=\"wp-block-image aligncenter size-large is-resized\"><img loading=\"lazy\" decoding=\"async\" width=\"1024\" height=\"775\" src=\"https:\/\/pulsnitzer-heimatverein.de\/wp-content\/uploads\/2020\/09\/Russengrab-20200820-170109-scaled-e1601453881845-1024x775.jpg\" alt=\"\" class=\"wp-image-849\" style=\"width:256px;height:194px\" srcset=\"https:\/\/pulsnitzer-heimatverein.de\/wp-content\/uploads\/2020\/09\/Russengrab-20200820-170109-scaled-e1601453881845-1024x775.jpg 1024w, https:\/\/pulsnitzer-heimatverein.de\/wp-content\/uploads\/2020\/09\/Russengrab-20200820-170109-scaled-e1601453881845-300x227.jpg 300w, https:\/\/pulsnitzer-heimatverein.de\/wp-content\/uploads\/2020\/09\/Russengrab-20200820-170109-scaled-e1601453881845-768x581.jpg 768w, https:\/\/pulsnitzer-heimatverein.de\/wp-content\/uploads\/2020\/09\/Russengrab-20200820-170109-scaled-e1601453881845-1536x1163.jpg 1536w, https:\/\/pulsnitzer-heimatverein.de\/wp-content\/uploads\/2020\/09\/Russengrab-20200820-170109-scaled-e1601453881845.jpg 1868w\" sizes=\"auto, (max-width: 1024px) 100vw, 1024px\" \/><figcaption class=\"wp-element-caption\">Inschrift am &#8222;Russengrab&#8220;<br>Foto: Dr. Matthias M\u00e4gel<\/figcaption><\/figure>\n\n\n\n<p>*<\/p>\n\n\n\n<p><strong>1867<\/strong><\/p>\n\n\n\n<p><strong>Gr\u00fcndung der\nFreiwilligen Feuerwehr Pulsnitz<\/strong><\/p>\n\n\n\n<p>*<\/p>\n\n\n\n<p><strong>1871<\/strong><\/p>\n\n\n\n<p><em>1. Oktober<\/em><\/p>\n\n\n\n<p><strong>Inbetriebnahme\nder Bahnstrecke Kamenz \u2013 Pulsnitz \u2013 Radeberg<\/strong><\/p>\n\n\n\n<p>*<\/p>\n\n\n\n<p><strong>1879<\/strong><\/p>\n\n\n\n<p>Errichtung\ndes <strong>Hufekreuz<\/strong>es am Waldrand der Hufe<\/p>\n\n\n\n<div class=\"wp-block-columns is-layout-flex wp-container-core-columns-is-layout-28f84493 wp-block-columns-is-layout-flex\">\n<div class=\"wp-block-column is-layout-flow wp-block-column-is-layout-flow\">\n<figure class=\"wp-block-image aligncenter size-large is-resized\"><img loading=\"lazy\" decoding=\"async\" width=\"1024\" height=\"768\" src=\"https:\/\/pulsnitzer-heimatverein.de\/wp-content\/uploads\/2020\/02\/Hufekreuz-20190603-135604-1024x768.jpg\" alt=\"\" class=\"wp-image-240\" style=\"width:512px;height:384px\" srcset=\"https:\/\/pulsnitzer-heimatverein.de\/wp-content\/uploads\/2020\/02\/Hufekreuz-20190603-135604-1024x768.jpg 1024w, https:\/\/pulsnitzer-heimatverein.de\/wp-content\/uploads\/2020\/02\/Hufekreuz-20190603-135604-300x225.jpg 300w, https:\/\/pulsnitzer-heimatverein.de\/wp-content\/uploads\/2020\/02\/Hufekreuz-20190603-135604-768x576.jpg 768w, https:\/\/pulsnitzer-heimatverein.de\/wp-content\/uploads\/2020\/02\/Hufekreuz-20190603-135604-1536x1152.jpg 1536w, https:\/\/pulsnitzer-heimatverein.de\/wp-content\/uploads\/2020\/02\/Hufekreuz-20190603-135604-2048x1536.jpg 2048w\" sizes=\"auto, (max-width: 1024px) 100vw, 1024px\" \/><figcaption class=\"wp-element-caption\">Hufekreuz am Waldrand der Hufe \/<br> N\u00e4he Gro\u00dfr\u00f6hrsdorfer Str.<br> Foto: Dr. Matthias M\u00e4gel<\/figcaption><\/figure>\n<\/div>\n\n\n\n<div class=\"wp-block-column is-layout-flow wp-block-column-is-layout-flow\">\n<figure class=\"wp-block-image aligncenter size-large is-resized\"><img loading=\"lazy\" decoding=\"async\" width=\"1024\" height=\"768\" src=\"https:\/\/pulsnitzer-heimatverein.de\/wp-content\/uploads\/2020\/02\/Hufekreuz-Aussicht-20190603-135713-1024x768.jpg\" alt=\"\" class=\"wp-image-410\" style=\"width:512px;height:384px\" srcset=\"https:\/\/pulsnitzer-heimatverein.de\/wp-content\/uploads\/2020\/02\/Hufekreuz-Aussicht-20190603-135713-1024x768.jpg 1024w, https:\/\/pulsnitzer-heimatverein.de\/wp-content\/uploads\/2020\/02\/Hufekreuz-Aussicht-20190603-135713-300x225.jpg 300w, https:\/\/pulsnitzer-heimatverein.de\/wp-content\/uploads\/2020\/02\/Hufekreuz-Aussicht-20190603-135713-768x576.jpg 768w, https:\/\/pulsnitzer-heimatverein.de\/wp-content\/uploads\/2020\/02\/Hufekreuz-Aussicht-20190603-135713-1536x1152.jpg 1536w, https:\/\/pulsnitzer-heimatverein.de\/wp-content\/uploads\/2020\/02\/Hufekreuz-Aussicht-20190603-135713-2048x1536.jpg 2048w\" sizes=\"auto, (max-width: 1024px) 100vw, 1024px\" \/><figcaption class=\"wp-element-caption\">Aussicht vom Hufekreuz zur Gr\u00f6\u00dfr\u00f6hrsdorfer Str. und zum Eierberg mit \u201eWaldhaus\u201c<br> Foto: Dr. Matthias M\u00e4gel <\/figcaption><\/figure>\n<\/div>\n<\/div>\n\n\n\n<figure class=\"wp-block-image aligncenter size-large is-resized\"><img loading=\"lazy\" decoding=\"async\" width=\"1024\" height=\"779\" src=\"https:\/\/pulsnitzer-heimatverein.de\/wp-content\/uploads\/2020\/02\/Hufekreuz-20190603-135423-scaled-e1582906266923-1024x779.jpg\" alt=\"\" class=\"wp-image-412\" style=\"width:512px;height:390px\" srcset=\"https:\/\/pulsnitzer-heimatverein.de\/wp-content\/uploads\/2020\/02\/Hufekreuz-20190603-135423-scaled-e1582906266923-1024x779.jpg 1024w, https:\/\/pulsnitzer-heimatverein.de\/wp-content\/uploads\/2020\/02\/Hufekreuz-20190603-135423-scaled-e1582906266923-300x228.jpg 300w, https:\/\/pulsnitzer-heimatverein.de\/wp-content\/uploads\/2020\/02\/Hufekreuz-20190603-135423-scaled-e1582906266923-768x584.jpg 768w, https:\/\/pulsnitzer-heimatverein.de\/wp-content\/uploads\/2020\/02\/Hufekreuz-20190603-135423-scaled-e1582906266923-1536x1169.jpg 1536w, https:\/\/pulsnitzer-heimatverein.de\/wp-content\/uploads\/2020\/02\/Hufekreuz-20190603-135423-scaled-e1582906266923.jpg 1766w\" sizes=\"auto, (max-width: 1024px) 100vw, 1024px\" \/><figcaption class=\"wp-element-caption\">Inschrift am Hufekreuz am Waldrand der Hufe \/ N\u00e4he Gro\u00dfr\u00f6hrsdorfer Str. <br>Foto: Dr. Matthias M\u00e4gel<\/figcaption><\/figure>\n\n\n\n<p>*<\/p>\n\n\n\n<p><strong>1896<\/strong><\/p>\n\n\n\n<p>Webereibesitzer Eduard Georg Hempel kauft nach Beendigung der &#8222;Ausstellung des S\u00e4chsischen Handwerkes und Kunstgewerbes in Dresden 1896&#8220; das <strong>&#8222;Pillnitzer Haus&#8220;<\/strong> und l\u00e4sst es in seinem Fabrikgel\u00e4nde Hempelstra\u00dfe 2 aufstellen.<\/p>\n\n\n\n<figure class=\"wp-block-image aligncenter size-large is-resized\"><img loading=\"lazy\" decoding=\"async\" width=\"1024\" height=\"768\" src=\"https:\/\/pulsnitzer-heimatverein.de\/wp-content\/uploads\/2020\/09\/Pillnitzer-Haus-20200820-172711-1024x768.jpg\" alt=\"\" class=\"wp-image-847\" style=\"width:512px;height:384px\" srcset=\"https:\/\/pulsnitzer-heimatverein.de\/wp-content\/uploads\/2020\/09\/Pillnitzer-Haus-20200820-172711-1024x768.jpg 1024w, https:\/\/pulsnitzer-heimatverein.de\/wp-content\/uploads\/2020\/09\/Pillnitzer-Haus-20200820-172711-300x225.jpg 300w, https:\/\/pulsnitzer-heimatverein.de\/wp-content\/uploads\/2020\/09\/Pillnitzer-Haus-20200820-172711-768x576.jpg 768w, https:\/\/pulsnitzer-heimatverein.de\/wp-content\/uploads\/2020\/09\/Pillnitzer-Haus-20200820-172711-1536x1152.jpg 1536w, https:\/\/pulsnitzer-heimatverein.de\/wp-content\/uploads\/2020\/09\/Pillnitzer-Haus-20200820-172711-2048x1536.jpg 2048w\" sizes=\"auto, (max-width: 1024px) 100vw, 1024px\" \/><figcaption class=\"wp-element-caption\">&#8222;Pillnitzer Haus&#8220;<br>Foto: Dr. Matthias M\u00e4gel<\/figcaption><\/figure>\n\n\n\n<p>*<\/p>\n\n\n\n<p><strong>1903<\/strong><\/p>\n\n\n\n<p>Fertigstellung des <strong>Schulgeb\u00e4ude<\/strong>s an der Dr.-Michael-Stra\u00dfe (jetzige Ernst-Rietschel-Grundschule), das 1913\/14 entlang der K\u00fchnstra\u00dfe (jetzige Ernst-Rietschel-Oberschule) erweitert wurde<\/p>\n\n\n\n<figure class=\"wp-block-image aligncenter size-large is-resized\"><img loading=\"lazy\" decoding=\"async\" width=\"1024\" height=\"675\" src=\"https:\/\/pulsnitzer-heimatverein.de\/wp-content\/uploads\/2021\/05\/df_bs_0019654_postkarte-1024x675.jpg\" alt=\"\" class=\"wp-image-1177\" style=\"width:512px;height:338px\" srcset=\"https:\/\/pulsnitzer-heimatverein.de\/wp-content\/uploads\/2021\/05\/df_bs_0019654_postkarte-1024x675.jpg 1024w, https:\/\/pulsnitzer-heimatverein.de\/wp-content\/uploads\/2021\/05\/df_bs_0019654_postkarte-300x198.jpg 300w, https:\/\/pulsnitzer-heimatverein.de\/wp-content\/uploads\/2021\/05\/df_bs_0019654_postkarte-768x507.jpg 768w, https:\/\/pulsnitzer-heimatverein.de\/wp-content\/uploads\/2021\/05\/df_bs_0019654_postkarte.jpg 1516w\" sizes=\"auto, (max-width: 1024px) 100vw, 1024px\" \/><figcaption class=\"wp-element-caption\">Postkarte 1915<br>Quelle: SLUB \/ Deutsche Fotothek \/ Br\u00fcck und Sohn <a href=\"http:\/\/www.deutschefotothek.de\/documents\/obj\/71841325\">http:\/\/www.deutschefotothek.de\/documents\/obj\/71841325<\/a>  (Public Domain Mark).<\/figcaption><\/figure>\n\n\n\n<p>*<\/p>\n\n\n\n<p><strong>1912<\/strong><\/p>\n\n\n\n<p><em>27. September<\/em><\/p>\n\n\n\n<p>Einweihung des &#8222;Kaiserlichen <strong>Post<\/strong>amtes&#8220; an der Poststra\u00dfe<\/p>\n\n\n\n<p>Heute ist das ehemalige Postamt Teil einer Pflegeeinrichtung.<\/p>\n\n\n\n<figure class=\"wp-block-image aligncenter size-large is-resized\"><img loading=\"lazy\" decoding=\"async\" width=\"1024\" height=\"677\" src=\"https:\/\/pulsnitzer-heimatverein.de\/wp-content\/uploads\/2021\/05\/Kalender-2014-08_Post-1024x677.jpg\" alt=\"\" class=\"wp-image-1174\" style=\"width:512px;height:339px\" srcset=\"https:\/\/pulsnitzer-heimatverein.de\/wp-content\/uploads\/2021\/05\/Kalender-2014-08_Post-1024x677.jpg 1024w, https:\/\/pulsnitzer-heimatverein.de\/wp-content\/uploads\/2021\/05\/Kalender-2014-08_Post-300x198.jpg 300w, https:\/\/pulsnitzer-heimatverein.de\/wp-content\/uploads\/2021\/05\/Kalender-2014-08_Post-768x508.jpg 768w, https:\/\/pulsnitzer-heimatverein.de\/wp-content\/uploads\/2021\/05\/Kalender-2014-08_Post-1536x1016.jpg 1536w, https:\/\/pulsnitzer-heimatverein.de\/wp-content\/uploads\/2021\/05\/Kalender-2014-08_Post-2048x1355.jpg 2048w\" sizes=\"auto, (max-width: 1024px) 100vw, 1024px\" \/><figcaption class=\"wp-element-caption\">Kalenderblatt aus dem Kalender 2014 des Pulsnitzer Heimatvereins e. V.<\/figcaption><\/figure>\n\n\n\n<p>*<\/p>\n\n\n\n<p><strong>1913<\/strong><\/p>\n\n\n\n<p><em>17. Februar<\/em><\/p>\n\n\n\n<p>Aufnahme des Gesch\u00e4ftsbetriebes im <strong>Stadtkrankenhaus<\/strong> am Obersteinaer Weg<\/p>\n\n\n\n<p>Heute ist das ehemalige Stadtkrankenhaus Teil der VAMED Rehaklinik Schwedenstein, Obersteinaer Weg<\/p>\n\n\n\n<figure class=\"wp-block-image aligncenter size-large is-resized\"><img loading=\"lazy\" decoding=\"async\" width=\"1024\" height=\"682\" src=\"https:\/\/pulsnitzer-heimatverein.de\/wp-content\/uploads\/2021\/05\/df_bs_0015003_postkarte-1024x682.jpg\" alt=\"\" class=\"wp-image-1171\" style=\"width:512px;height:341px\" srcset=\"https:\/\/pulsnitzer-heimatverein.de\/wp-content\/uploads\/2021\/05\/df_bs_0015003_postkarte-1024x682.jpg 1024w, https:\/\/pulsnitzer-heimatverein.de\/wp-content\/uploads\/2021\/05\/df_bs_0015003_postkarte-300x200.jpg 300w, https:\/\/pulsnitzer-heimatverein.de\/wp-content\/uploads\/2021\/05\/df_bs_0015003_postkarte-768x511.jpg 768w, https:\/\/pulsnitzer-heimatverein.de\/wp-content\/uploads\/2021\/05\/df_bs_0015003_postkarte.jpg 1502w\" sizes=\"auto, (max-width: 1024px) 100vw, 1024px\" \/><figcaption class=\"wp-element-caption\"> Postkarte 1912<br>Quelle: SLUB \/ Deutsche Fotothek \/ Br\u00fcck und Sohn <a href=\"http:\/\/www.deutschefotothek.de\/documents\/obj\/71836756\">http:\/\/www.deutschefotothek.de\/documents\/obj\/71836756<\/a>  (Public Domain Mark)<\/figcaption><\/figure>\n\n\n\n<p>*<\/p>\n\n\n\n<p><strong>1920<\/strong><\/p>\n\n\n\n<p><em>20. Oktober<\/em><\/p>\n\n\n\n<p>Gr\u00fcndung der <strong>Kleingartenanlage \u201eAm Russengrab\u201c<\/strong><\/p>\n\n\n\n<p>*<\/p>\n\n\n\n<p><strong>1925<\/strong><\/p>\n\n\n\n<p><em>18. bis 21.\nJuli<\/em><\/p>\n\n\n\n<p>Stadtfest <strong>\u201e550 Jahre Stadtrecht\u201c<\/strong><\/p>\n\n\n\n<div class=\"wp-block-columns is-layout-flex wp-container-core-columns-is-layout-28f84493 wp-block-columns-is-layout-flex\">\n<div class=\"wp-block-column is-layout-flow wp-block-column-is-layout-flow\">\n<figure class=\"wp-block-image aligncenter size-large is-resized\"><img loading=\"lazy\" decoding=\"async\" width=\"654\" height=\"1024\" src=\"https:\/\/pulsnitzer-heimatverein.de\/wp-content\/uploads\/2020\/02\/1925_Festschrift_1925-654x1024.jpg\" alt=\"\" class=\"wp-image-416\" style=\"width:246px;height:384px\" srcset=\"https:\/\/pulsnitzer-heimatverein.de\/wp-content\/uploads\/2020\/02\/1925_Festschrift_1925-654x1024.jpg 654w, https:\/\/pulsnitzer-heimatverein.de\/wp-content\/uploads\/2020\/02\/1925_Festschrift_1925-192x300.jpg 192w, https:\/\/pulsnitzer-heimatverein.de\/wp-content\/uploads\/2020\/02\/1925_Festschrift_1925-768x1202.jpg 768w, https:\/\/pulsnitzer-heimatverein.de\/wp-content\/uploads\/2020\/02\/1925_Festschrift_1925-982x1536.jpg 982w, https:\/\/pulsnitzer-heimatverein.de\/wp-content\/uploads\/2020\/02\/1925_Festschrift_1925.jpg 1013w\" sizes=\"auto, (max-width: 654px) 100vw, 654px\" \/><figcaption class=\"wp-element-caption\">Festschrift<\/figcaption><\/figure>\n<\/div>\n\n\n\n<div class=\"wp-block-column is-layout-flow wp-block-column-is-layout-flow\">\n<figure class=\"wp-block-image aligncenter size-full is-resized\"><img loading=\"lazy\" decoding=\"async\" width=\"605\" height=\"842\" src=\"https:\/\/pulsnitzer-heimatverein.de\/wp-content\/uploads\/2022\/08\/1925_Fuehrer-durch-Veranstaltungen.jpg\" alt=\"\" class=\"wp-image-1991\" style=\"width:303px;height:421px\" srcset=\"https:\/\/pulsnitzer-heimatverein.de\/wp-content\/uploads\/2022\/08\/1925_Fuehrer-durch-Veranstaltungen.jpg 605w, https:\/\/pulsnitzer-heimatverein.de\/wp-content\/uploads\/2022\/08\/1925_Fuehrer-durch-Veranstaltungen-216x300.jpg 216w\" sizes=\"auto, (max-width: 605px) 100vw, 605px\" \/><figcaption class=\"wp-element-caption\">F\u00fchrer durch die Veranstaltungen<\/figcaption><\/figure>\n<\/div>\n<\/div>\n\n\n\n<p>*<\/p>\n\n\n\n<p><strong>1948<\/strong><\/p>\n\n\n\n<p><em>1. April<\/em><\/p>\n\n\n\n<p><strong>Eingemeindung<\/strong> der bisher selbstst\u00e4ndigen Gemeinde\n<strong>Pulsnitz, Mei\u00dfner Seite<\/strong>, in die Stadt Pulsnitz (Die Gemeinde Vollung\n(B\u00f6hmisch) war bereits 1921 nach Pulsnitz, Mei\u00dfner Seite, eingemeindet worden.)<\/p>\n\n\n\n<p>*<\/p>\n\n\n\n<p><strong>1962<\/strong><\/p>\n\n\n\n<p>Er\u00f6ffnung\ndes <strong>Walkm\u00fchlenbad<\/strong>es<\/p>\n\n\n\n<p>*<\/p>\n\n\n\n<p><strong>1967<\/strong><\/p>\n\n\n\n<p><strong>100 Jahre\n\u201eFreiwillige Feuerwehr Pulsnitz\u201c<\/strong><\/p>\n\n\n\n<figure class=\"wp-block-image aligncenter size-large is-resized\"><img loading=\"lazy\" decoding=\"async\" width=\"473\" height=\"949\" src=\"https:\/\/pulsnitzer-heimatverein.de\/wp-content\/uploads\/2020\/02\/1967_100_Jahre_Feuerwehr.jpg\" alt=\"\" class=\"wp-image-419\" style=\"width:118px;height:237px\" srcset=\"https:\/\/pulsnitzer-heimatverein.de\/wp-content\/uploads\/2020\/02\/1967_100_Jahre_Feuerwehr.jpg 473w, https:\/\/pulsnitzer-heimatverein.de\/wp-content\/uploads\/2020\/02\/1967_100_Jahre_Feuerwehr-150x300.jpg 150w\" sizes=\"auto, (max-width: 473px) 100vw, 473px\" \/><figcaption class=\"wp-element-caption\">Festetikett<\/figcaption><\/figure>\n\n\n\n<p>*<\/p>\n\n\n\n<p><strong>1971<\/strong><\/p>\n\n\n\n<p><em>1. Oktober<\/em><\/p>\n\n\n\n<p><strong>100 Jahre\n\u201eBahnstrecke Kamenz \u2013 Pulsnitz \u2013 Radeberg\u201c<\/strong><\/p>\n\n\n\n<figure class=\"wp-block-image aligncenter size-large is-resized\"><img loading=\"lazy\" decoding=\"async\" width=\"1024\" height=\"756\" src=\"https:\/\/pulsnitzer-heimatverein.de\/wp-content\/uploads\/2020\/02\/1971_Pulsnitz_Bahnstrecke-1024x756.jpg\" alt=\"\" class=\"wp-image-422\" style=\"width:512px;height:378px\" srcset=\"https:\/\/pulsnitzer-heimatverein.de\/wp-content\/uploads\/2020\/02\/1971_Pulsnitz_Bahnstrecke-1024x756.jpg 1024w, https:\/\/pulsnitzer-heimatverein.de\/wp-content\/uploads\/2020\/02\/1971_Pulsnitz_Bahnstrecke-300x222.jpg 300w, https:\/\/pulsnitzer-heimatverein.de\/wp-content\/uploads\/2020\/02\/1971_Pulsnitz_Bahnstrecke-768x567.jpg 768w, https:\/\/pulsnitzer-heimatverein.de\/wp-content\/uploads\/2020\/02\/1971_Pulsnitz_Bahnstrecke.jpg 1155w\" sizes=\"auto, (max-width: 1024px) 100vw, 1024px\" \/><figcaption class=\"wp-element-caption\">Fest-Postkarte<\/figcaption><\/figure>\n\n\n\n<p>*<\/p>\n\n\n\n<p><strong>1975<\/strong><\/p>\n\n\n\n<p><em>5. bis 13.\nJuli<\/em><\/p>\n\n\n\n<p>Stadtfest<strong>\n\u201e750 Jahre Ersterw\u00e4hnung \/ 600 Jahre Stadtrecht\u201c<\/strong><\/p>\n\n\n\n<figure class=\"wp-block-image aligncenter size-large is-resized\"><img loading=\"lazy\" decoding=\"async\" width=\"707\" height=\"1024\" src=\"https:\/\/pulsnitzer-heimatverein.de\/wp-content\/uploads\/2020\/02\/1975_600_Jahre_Pulsnitz-707x1024.jpg\" alt=\"\" class=\"wp-image-425\" style=\"width:177px;height:256px\" srcset=\"https:\/\/pulsnitzer-heimatverein.de\/wp-content\/uploads\/2020\/02\/1975_600_Jahre_Pulsnitz-707x1024.jpg 707w, https:\/\/pulsnitzer-heimatverein.de\/wp-content\/uploads\/2020\/02\/1975_600_Jahre_Pulsnitz-207x300.jpg 207w, https:\/\/pulsnitzer-heimatverein.de\/wp-content\/uploads\/2020\/02\/1975_600_Jahre_Pulsnitz-768x1113.jpg 768w, https:\/\/pulsnitzer-heimatverein.de\/wp-content\/uploads\/2020\/02\/1975_600_Jahre_Pulsnitz-1060x1536.jpg 1060w, https:\/\/pulsnitzer-heimatverein.de\/wp-content\/uploads\/2020\/02\/1975_600_Jahre_Pulsnitz.jpg 1149w\" sizes=\"auto, (max-width: 707px) 100vw, 707px\" \/><figcaption class=\"wp-element-caption\">Festbrosch\u00fcre<\/figcaption><\/figure>\n\n\n\n<p>*<\/p>\n\n\n\n<p><strong>1992<\/strong><\/p>\n\n\n\n<p><strong>125 Jahre\n\u201eFreiwillige Feuerwehr Pulsnitz\u201c<\/strong><\/p>\n\n\n\n<figure class=\"wp-block-image aligncenter size-large is-resized\"><img loading=\"lazy\" decoding=\"async\" width=\"399\" height=\"1024\" src=\"https:\/\/pulsnitzer-heimatverein.de\/wp-content\/uploads\/2020\/02\/1992_125_Jahre_Feuerwehr-399x1024.jpg\" alt=\"\" class=\"wp-image-429\" style=\"width:100px;height:256px\" srcset=\"https:\/\/pulsnitzer-heimatverein.de\/wp-content\/uploads\/2020\/02\/1992_125_Jahre_Feuerwehr-399x1024.jpg 399w, https:\/\/pulsnitzer-heimatverein.de\/wp-content\/uploads\/2020\/02\/1992_125_Jahre_Feuerwehr-117x300.jpg 117w, https:\/\/pulsnitzer-heimatverein.de\/wp-content\/uploads\/2020\/02\/1992_125_Jahre_Feuerwehr.jpg 401w\" sizes=\"auto, (max-width: 399px) 100vw, 399px\" \/><figcaption class=\"wp-element-caption\">Festetikett<\/figcaption><\/figure>\n\n\n\n<p>Badfest<strong> \u201e30 Jahre Walkm\u00fchlenbad\u201c<\/strong><\/p>\n\n\n\n<figure class=\"wp-block-image aligncenter size-large is-resized\"><img loading=\"lazy\" decoding=\"async\" width=\"347\" height=\"919\" src=\"https:\/\/pulsnitzer-heimatverein.de\/wp-content\/uploads\/2020\/02\/1992_30_Jahre_Walke.jpg\" alt=\"\" class=\"wp-image-428\" style=\"width:87px;height:230px\" srcset=\"https:\/\/pulsnitzer-heimatverein.de\/wp-content\/uploads\/2020\/02\/1992_30_Jahre_Walke.jpg 347w, https:\/\/pulsnitzer-heimatverein.de\/wp-content\/uploads\/2020\/02\/1992_30_Jahre_Walke-113x300.jpg 113w\" sizes=\"auto, (max-width: 347px) 100vw, 347px\" \/><figcaption class=\"wp-element-caption\">Festetikett<\/figcaption><\/figure>\n\n\n\n<p>*<\/p>\n\n\n\n<p><strong>1994<\/strong><\/p>\n\n\n\n<p><em>1. Januar<\/em><\/p>\n\n\n\n<p><strong>Friedersdorf\nund Friedersdorf Siedlung werden Ortsteile von Pulsnitz<\/strong><\/p>\n\n\n\n<p>*<\/p>\n\n\n\n<p><strong>2000<\/strong><\/p>\n\n\n\n<p><em>19. bis 28.\nMai<\/em><\/p>\n\n\n\n<p>Stadtfest <strong>\u201e775\nJahre Ersterw\u00e4hnung \/ 625 Jahre Stadtrecht\u201c<\/strong><\/p>\n\n\n\n<figure class=\"wp-block-image aligncenter size-large is-resized\"><img loading=\"lazy\" decoding=\"async\" width=\"1024\" height=\"1009\" src=\"https:\/\/pulsnitzer-heimatverein.de\/wp-content\/uploads\/2020\/02\/2000_Heimatfest_2000-1024x1009.jpg\" alt=\"\" class=\"wp-image-433\" style=\"width:256px;height:252px\" srcset=\"https:\/\/pulsnitzer-heimatverein.de\/wp-content\/uploads\/2020\/02\/2000_Heimatfest_2000-1024x1009.jpg 1024w, https:\/\/pulsnitzer-heimatverein.de\/wp-content\/uploads\/2020\/02\/2000_Heimatfest_2000-300x295.jpg 300w, https:\/\/pulsnitzer-heimatverein.de\/wp-content\/uploads\/2020\/02\/2000_Heimatfest_2000-768x756.jpg 768w, https:\/\/pulsnitzer-heimatverein.de\/wp-content\/uploads\/2020\/02\/2000_Heimatfest_2000-1536x1513.jpg 1536w, https:\/\/pulsnitzer-heimatverein.de\/wp-content\/uploads\/2020\/02\/2000_Heimatfest_2000.jpg 1589w\" sizes=\"auto, (max-width: 1024px) 100vw, 1024px\" \/><figcaption class=\"wp-element-caption\">Festbrosch\u00fcre<\/figcaption><\/figure>\n\n\n\n<figure class=\"wp-block-image aligncenter size-large is-resized\"><img loading=\"lazy\" decoding=\"async\" width=\"529\" height=\"399\" src=\"https:\/\/pulsnitzer-heimatverein.de\/wp-content\/uploads\/2020\/02\/2000_.jpg\" alt=\"\" class=\"wp-image-436\" style=\"width:132px;height:100px\" srcset=\"https:\/\/pulsnitzer-heimatverein.de\/wp-content\/uploads\/2020\/02\/2000_.jpg 529w, https:\/\/pulsnitzer-heimatverein.de\/wp-content\/uploads\/2020\/02\/2000_-300x226.jpg 300w\" sizes=\"auto, (max-width: 529px) 100vw, 529px\" \/><\/figure>\n\n\n\n<figure class=\"wp-block-image aligncenter size-large is-resized\"><img loading=\"lazy\" decoding=\"async\" width=\"373\" height=\"993\" src=\"https:\/\/pulsnitzer-heimatverein.de\/wp-content\/uploads\/2020\/02\/2000_775_Jahre_Pulsnitz.jpg\" alt=\"\" class=\"wp-image-438\" style=\"width:93px;height:248px\" srcset=\"https:\/\/pulsnitzer-heimatverein.de\/wp-content\/uploads\/2020\/02\/2000_775_Jahre_Pulsnitz.jpg 373w, https:\/\/pulsnitzer-heimatverein.de\/wp-content\/uploads\/2020\/02\/2000_775_Jahre_Pulsnitz-113x300.jpg 113w\" sizes=\"auto, (max-width: 373px) 100vw, 373px\" \/><figcaption class=\"wp-element-caption\">Festetikett<\/figcaption><\/figure>\n\n\n\n<p>*<\/p>\n\n\n\n<p><strong>2009<\/strong><\/p>\n\n\n\n<p><em>1. Januar<\/em><\/p>\n\n\n\n<p><strong>Oberlichtenau\nwird Ortsteil von Pulsnitz<\/strong><\/p>\n\n\n\n<p>*<\/p>\n\n\n\n<p><strong>2017<\/strong><\/p>\n\n\n\n<p><strong>150 Jahre\n\u201eFreiwillige Feuerwehr Pulsnitz\u201c<\/strong> \u2013 Festwochenende vom 16. bis 18. Juni 2017, Festumzug\nam 18. Juni 2017<\/p>\n\n\n\n<figure class=\"wp-block-image aligncenter size-large is-resized\"><img loading=\"lazy\" decoding=\"async\" width=\"768\" height=\"1024\" src=\"https:\/\/pulsnitzer-heimatverein.de\/wp-content\/uploads\/2020\/02\/20170618-142130-768x1024.jpg\" alt=\"\" class=\"wp-image-441\" style=\"width:384px;height:512px\" srcset=\"https:\/\/pulsnitzer-heimatverein.de\/wp-content\/uploads\/2020\/02\/20170618-142130-768x1024.jpg 768w, https:\/\/pulsnitzer-heimatverein.de\/wp-content\/uploads\/2020\/02\/20170618-142130-225x300.jpg 225w, https:\/\/pulsnitzer-heimatverein.de\/wp-content\/uploads\/2020\/02\/20170618-142130-1152x1536.jpg 1152w, https:\/\/pulsnitzer-heimatverein.de\/wp-content\/uploads\/2020\/02\/20170618-142130-1536x2048.jpg 1536w, https:\/\/pulsnitzer-heimatverein.de\/wp-content\/uploads\/2020\/02\/20170618-142130-scaled.jpg 1920w\" sizes=\"auto, (max-width: 768px) 100vw, 768px\" \/><figcaption class=\"wp-element-caption\">Festumzug \u201e150 Jahre FFW Pulsnitz\u201c am 18. Juni 2017<br> Foto: Dr. Matthias M\u00e4gel<\/figcaption><\/figure>\n\n\n\n<p>*<\/p>\n\n\n\n<p><strong>2020<\/strong><\/p>\n\n\n\n<p><strong>100 Jahre\nKleingartenanlage \u201eAm Russengrab\u201c<\/strong><\/p>\n\n\n\n<p>*<\/p>\n\n\n\n<p><strong>2025<\/strong><\/p>\n\n\n\n<p><em>19. bis 25. Mai<\/em><\/p>\n\n\n\n<p>Stadtfest <strong>\u201e800 Jahre Ersterw\u00e4hnung \/ 650 Jahre Stadtrecht\u201c<\/strong><\/p>\n\n\n\n<figure class=\"wp-block-image aligncenter size-full is-resized\"><img loading=\"lazy\" decoding=\"async\" width=\"520\" height=\"496\" src=\"https:\/\/pulsnitzer-heimatverein.de\/wp-content\/uploads\/2022\/04\/Stadtfest_2025.jpg\" alt=\"\" class=\"wp-image-1809\" style=\"width:130px;height:124px\" srcset=\"https:\/\/pulsnitzer-heimatverein.de\/wp-content\/uploads\/2022\/04\/Stadtfest_2025.jpg 520w, https:\/\/pulsnitzer-heimatverein.de\/wp-content\/uploads\/2022\/04\/Stadtfest_2025-300x286.jpg 300w\" sizes=\"auto, (max-width: 520px) 100vw, 520px\" \/><\/figure>\n\n\n\n<p>*<\/p>\n\n\n\n<p><strong>J\u00e4hrliche\nVeranstaltungen<\/strong><\/p>\n\n\n\n<p><em>seit 1994\njeweils im Mai<\/em><\/p>\n\n\n\n<p><a href=\"https:\/\/www.stadtfest-pulsnitz.com\/\">Stadtfest<\/a><\/p>\n\n\n\n<figure class=\"wp-block-image aligncenter size-large is-resized\"><img loading=\"lazy\" decoding=\"async\" width=\"390\" height=\"1024\" src=\"https:\/\/pulsnitzer-heimatverein.de\/wp-content\/uploads\/2020\/02\/1994_Stadtfest_1994-390x1024.jpg\" alt=\"\" class=\"wp-image-443\" style=\"width:98px;height:256px\" srcset=\"https:\/\/pulsnitzer-heimatverein.de\/wp-content\/uploads\/2020\/02\/1994_Stadtfest_1994-390x1024.jpg 390w, https:\/\/pulsnitzer-heimatverein.de\/wp-content\/uploads\/2020\/02\/1994_Stadtfest_1994-114x300.jpg 114w, https:\/\/pulsnitzer-heimatverein.de\/wp-content\/uploads\/2020\/02\/1994_Stadtfest_1994.jpg 441w\" sizes=\"auto, (max-width: 390px) 100vw, 390px\" \/><figcaption class=\"wp-element-caption\">Festetikett zum 1. Stadtfest 1994<\/figcaption><\/figure>\n\n\n\n<p>*<\/p>\n\n\n\n<p><em>seit 1963\njeweils am ersten Adventswochenende<\/em><\/p>\n\n\n\n<p>Nikolausfest<\/p>\n\n\n\n<figure class=\"wp-block-image aligncenter size-large is-resized\"><img loading=\"lazy\" decoding=\"async\" width=\"463\" height=\"1024\" src=\"https:\/\/pulsnitzer-heimatverein.de\/wp-content\/uploads\/2020\/02\/1982_Nikolausfest_1982-463x1024.jpg\" alt=\"\" class=\"wp-image-445\" style=\"width:116px;height:256px\" srcset=\"https:\/\/pulsnitzer-heimatverein.de\/wp-content\/uploads\/2020\/02\/1982_Nikolausfest_1982-463x1024.jpg 463w, https:\/\/pulsnitzer-heimatverein.de\/wp-content\/uploads\/2020\/02\/1982_Nikolausfest_1982-136x300.jpg 136w, https:\/\/pulsnitzer-heimatverein.de\/wp-content\/uploads\/2020\/02\/1982_Nikolausfest_1982-768x1698.jpg 768w, https:\/\/pulsnitzer-heimatverein.de\/wp-content\/uploads\/2020\/02\/1982_Nikolausfest_1982-695x1536.jpg 695w, https:\/\/pulsnitzer-heimatverein.de\/wp-content\/uploads\/2020\/02\/1982_Nikolausfest_1982.jpg 793w\" sizes=\"auto, (max-width: 463px) 100vw, 463px\" \/><figcaption class=\"wp-element-caption\">Festetikett \/ Kalender aus dem Jahr 1982<\/figcaption><\/figure>\n\n\n\n<p>*<\/p>\n\n\n\n<p><strong>Statistik<\/strong><\/p>\n\n\n\n<p>Einwohnerzahl, Stand 31. Juli 2022: 7365<\/p>\n\n\n\n<p>(Quelle: <a href=\"https:\/\/www.statistik.sachsen.de\/html\/bevoelkerungsstand-einwohner.html\"> https:\/\/www.statistik.sachsen.de\/html\/bevoelkerungsstand-einwohner.html<\/a>)<br><\/p>\n","protected":false},"excerpt":{"rendered":"<p>1225 19. Mai erste gesicherte urkundliche Erw\u00e4hnung von Pulsnitz * 12. \/ 13. Jahrhundert erste Kirche vor dem Obertor errichtet \u2013 Marienkirche, Kirche zu unserer lieben Frauen, ab Anfang 16. Jahrhundert nicht mehr benutzt und verfallen, vermutliche Kirchhofmauer noch am<\/p>\n","protected":false},"author":1,"featured_media":0,"parent":0,"menu_order":0,"comment_status":"closed","ping_status":"closed","template":"","meta":{"footnotes":""},"class_list":["post-294","page","type-page","status-publish","hentry"],"_links":{"self":[{"href":"https:\/\/pulsnitzer-heimatverein.de\/index.php?rest_route=\/wp\/v2\/pages\/294","targetHints":{"allow":["GET"]}}],"collection":[{"href":"https:\/\/pulsnitzer-heimatverein.de\/index.php?rest_route=\/wp\/v2\/pages"}],"about":[{"href":"https:\/\/pulsnitzer-heimatverein.de\/index.php?rest_route=\/wp\/v2\/types\/page"}],"author":[{"embeddable":true,"href":"https:\/\/pulsnitzer-heimatverein.de\/index.php?rest_route=\/wp\/v2\/users\/1"}],"replies":[{"embeddable":true,"href":"https:\/\/pulsnitzer-heimatverein.de\/index.php?rest_route=%2Fwp%2Fv2%2Fcomments&post=294"}],"version-history":[{"count":103,"href":"https:\/\/pulsnitzer-heimatverein.de\/index.php?rest_route=\/wp\/v2\/pages\/294\/revisions"}],"predecessor-version":[{"id":3701,"href":"https:\/\/pulsnitzer-heimatverein.de\/index.php?rest_route=\/wp\/v2\/pages\/294\/revisions\/3701"}],"wp:attachment":[{"href":"https:\/\/pulsnitzer-heimatverein.de\/index.php?rest_route=%2Fwp%2Fv2%2Fmedia&parent=294"}],"curies":[{"name":"wp","href":"https:\/\/api.w.org\/{rel}","templated":true}]}}